{"version":"1.0","provider_name":"LUDWIG Public Relations","provider_url":"https:\/\/www.ludwig-pr.ch\/en","author_name":"ludwig-pr","author_url":"https:\/\/www.ludwig-pr.ch\/en\/author\/ludwig-pr\/","title":"Leistungen - LUDWIG Public Relations","type":"rich","width":600,"height":338,"html":"<blockquote class=\"wp-embedded-content\" data-secret=\"oYHDFAxYiz\"><a href=\"https:\/\/www.ludwig-pr.ch\/en\/leistungen\/\">Services<\/a><\/blockquote><iframe sandbox=\"allow-scripts\" security=\"restricted\" src=\"https:\/\/www.ludwig-pr.ch\/en\/leistungen\/embed\/#?secret=oYHDFAxYiz\" width=\"600\" height=\"338\" title=\"&#8220;Leistungen&#8221; &#8212; LUDWIG Public Relations\" data-secret=\"oYHDFAxYiz\" frameborder=\"0\" marginwidth=\"0\" marginheight=\"0\" scrolling=\"no\" class=\"wp-embedded-content\"><\/iframe><script>\n\/*! This file is auto-generated *\/\n!function(d,l){\"use strict\";l.querySelector&&d.addEventListener&&\"undefined\"!=typeof URL&&(d.wp=d.wp||{},d.wp.receiveEmbedMessage||(d.wp.receiveEmbedMessage=function(e){var t=e.data;if((t||t.secret||t.message||t.value)&&!\/[^a-zA-Z0-9]\/.test(t.secret)){for(var s,r,n,a=l.querySelectorAll('iframe[data-secret=\"'+t.secret+'\"]'),o=l.querySelectorAll('blockquote[data-secret=\"'+t.secret+'\"]'),c=new RegExp(\"^https?:$\",\"i\"),i=0;i<o.length;i++)o[i].style.display=\"none\";for(i=0;i<a.length;i++)s=a[i],e.source===s.contentWindow&&(s.removeAttribute(\"style\"),\"height\"===t.message?(1e3<(r=parseInt(t.value,10))?r=1e3:~~r<200&&(r=200),s.height=r):\"link\"===t.message&&(r=new URL(s.getAttribute(\"src\")),n=new URL(t.value),c.test(n.protocol))&&n.host===r.host&&l.activeElement===s&&(d.top.location.href=t.value))}},d.addEventListener(\"message\",d.wp.receiveEmbedMessage,!1),l.addEventListener(\"DOMContentLoaded\",function(){for(var e,t,s=l.querySelectorAll(\"iframe.wp-embedded-content\"),r=0;r<s.length;r++)(t=(e=s[r]).getAttribute(\"data-secret\"))||(t=Math.random().toString(36).substring(2,12),e.src+=\"#?secret=\"+t,e.setAttribute(\"data-secret\",t)),e.contentWindow.postMessage({message:\"ready\",secret:t},\"*\")},!1)))}(window,document);\n\/\/# sourceURL=https:\/\/www.ludwig-pr.ch\/wp-includes\/js\/wp-embed.min.js\n<\/script>","description":"Kommunikation, die ins Schwarze trifft. Portfolio f\u00fcr Agenturen und Firmenkunden Leistungen Strategische Konzeption F\u00fcr eine erfolgreiche Kommunikation ist es wichtig, sowohl Zielgruppe(n) als auch Kommunikationsziele klar zu definieren und in den richtigen Kan\u00e4len einzusetzen. Gerne berate ich Sie dabei oder \u00fcbernehme f\u00fcr Sie die Erstellung eines effektiven Kommunikationskonzepts. Text &amp; Lektorat Sie sind sich Ihrer [&hellip;]","thumbnail_url":"https:\/\/www.ludwig-pr.ch\/wp-content\/uploads\/2022\/05\/variation_2400_2-3.png","thumbnail_width":2400,"thumbnail_height":2400}